{"id":1300,"date":"2019-04-01T16:29:02","date_gmt":"2019-04-01T14:29:02","guid":{"rendered":"https:\/\/sevedebygden.naturskyddsforeningen.se\/?page_id=1300"},"modified":"2021-04-22T18:26:26","modified_gmt":"2021-04-22T16:26:26","slug":"miljovanliga-veckan-vecka-40","status":"publish","type":"page","link":"https:\/\/vimmerby.naturskyddsforeningen.se\/?page_id=1300","title":{"rendered":"Milj\u00f6v\u00e4nliga veckan"},"content":{"rendered":"<p>Milj\u00f6v\u00e4nliga veckan \u00e4r Naturskyddsf\u00f6reningens kampanj som g\u00e5r av stapel v 40 varje \u00e5r, under olika teman. Just nu ligger fokus p\u00e5 att <em>Ta vara p\u00e5 det vi har<\/em>. Ibland samarbetar Naturskyddsf\u00f6reningen med tex biblioteket, lokala aff\u00e4rer och andra f\u00f6reningar f\u00f6r att uppm\u00e4rksamma Milj\u00f6v\u00e4nliga veckan.<\/p>\n","protected":false},"excerpt":{"rendered":"<p>Milj\u00f6v\u00e4nliga veckan \u00e4r Naturskyddsf\u00f6reningens kampanj som g\u00e5r av stapel v 40 varje \u00e5r, under olika teman. Just nu ligger fokus p\u00e5 att Ta vara p\u00e5 det vi har. Ibland samarbetar Naturskyddsf\u00f6reningen med tex biblioteket, lokala aff\u00e4rer och andra f\u00f6reningar f\u00f6r att uppm\u00e4rksamma Milj\u00f6v\u00e4nliga veckan.<\/p>\n","protected":false},"author":32,"featured_media":0,"parent":0,"menu_order":0,"comment_status":"closed","ping_status":"closed","template":"","meta":{"_acf_changed":false,"footnotes":""},"acf":[],"jetpack_sharing_enabled":true,"featured_image_src":null,"featured_image_src_square":null,"_links":{"self":[{"href":"https:\/\/vimmerby.naturskyddsforeningen.se\/index.php?rest_route=\/wp\/v2\/pages\/1300"}],"collection":[{"href":"https:\/\/vimmerby.naturskyddsforeningen.se\/index.php?rest_route=\/wp\/v2\/pages"}],"about":[{"href":"https:\/\/vimmerby.naturskyddsforeningen.se\/index.php?rest_route=\/wp\/v2\/types\/page"}],"author":[{"embeddable":true,"href":"https:\/\/vimmerby.naturskyddsforeningen.se\/index.php?rest_route=\/wp\/v2\/users\/32"}],"replies":[{"embeddable":true,"href":"https:\/\/vimmerby.naturskyddsforeningen.se\/index.php?rest_route=%2Fwp%2Fv2%2Fcomments&post=1300"}],"version-history":[{"count":4,"href":"https:\/\/vimmerby.naturskyddsforeningen.se\/index.php?rest_route=\/wp\/v2\/pages\/1300\/revisions"}],"predecessor-version":[{"id":1483,"href":"https:\/\/vimmerby.naturskyddsforeningen.se\/index.php?rest_route=\/wp\/v2\/pages\/1300\/revisions\/1483"}],"wp:attachment":[{"href":"https:\/\/vimmerby.naturskyddsforeningen.se\/index.php?rest_route=%2Fwp%2Fv2%2Fmedia&parent=1300"}],"curies":[{"name":"wp","href":"https:\/\/api.w.org\/{rel}","templated":true}]}}